{"id":564,"date":"2022-07-15T09:41:02","date_gmt":"2022-07-15T07:41:02","guid":{"rendered":"https:\/\/bpf.flaw.uniba.sk\/?page_id=564"},"modified":"2025-07-03T09:34:44","modified_gmt":"2025-07-03T07:34:44","slug":"sekcia-cudzojazycnej-pravnej-komunikacie","status":"publish","type":"page","link":"https:\/\/bpf2025.flaw.uniba.sk\/en\/sekcia-cudzojazycnej-pravnej-komunikacie\/","title":{"rendered":"Legal Communication in Foreign Languages Section"},"content":{"rendered":"<figure class=\"wp-block-image size-large\"><img fetchpriority=\"high\" decoding=\"async\" width=\"1024\" height=\"520\" src=\"https:\/\/bpf.flaw.uniba.sk\/wp-content\/uploads\/2025\/07\/logo_V4-Fund-9-1024x520.png\" alt=\"\" class=\"wp-image-2316\" srcset=\"https:\/\/bpf2025.flaw.uniba.sk\/wp-content\/uploads\/2025\/07\/logo_V4-Fund-9-1024x520.png 1024w, https:\/\/bpf2025.flaw.uniba.sk\/wp-content\/uploads\/2025\/07\/logo_V4-Fund-9-300x152.png 300w, https:\/\/bpf2025.flaw.uniba.sk\/wp-content\/uploads\/2025\/07\/logo_V4-Fund-9-768x390.png 768w, https:\/\/bpf2025.flaw.uniba.sk\/wp-content\/uploads\/2025\/07\/logo_V4-Fund-9-18x9.png 18w, https:\/\/bpf2025.flaw.uniba.sk\/wp-content\/uploads\/2025\/07\/logo_V4-Fund-9-1200x610.png 1200w, https:\/\/bpf2025.flaw.uniba.sk\/wp-content\/uploads\/2025\/07\/logo_V4-Fund-9.png 1240w\" sizes=\"(max-width: 1024px) 100vw, 1024px\" \/><\/figure>\n\n\n\n<h2 class=\"wp-block-heading alignwide has-text-align-center\">Digital Technologies and Legal Linguistics: Implications for Legal Language Teaching and Legal Terminology Research<\/h2>\n\n\n\n<p class=\"has-drop-cap\">The development of digital technologies opens up new possibilities for the study of legal language and legal terminology, as well as for innovative approaches in teaching. The section focuses on the interdisciplinary connection of legal linguistics, modern digital tools and legal information systems. The discussion will be devoted to the issues of standardization and harmonization of legal terminology in the digital environment, the possibilities of more effective teaching of legal language in multilingual contexts, as well as the impact of artificial intelligence on the interpretation and access to legal texts. Attention will be focused on how digital technologies can support the accuracy, transparency and accessibility of legal discourse in academic, legislative and judicial practice. The section offers a space for professional dialogue between lawyers, linguists and developers of digital solutions on the prospects of legal language in the era of digitalization.<\/p>\n\n\n\n<p><strong>Guarantors of the section:<\/strong><\/p>\n\n\n\n<p>JUDr. Laura Fotopulosov\u00e1, PhD. LL.M.<\/p>\n\n\n\n<p>JUDr. Iva Dud\u00e1\u0161ov\u00e1, PhD.<\/p>","protected":false},"excerpt":{"rendered":"<p>Digit\u00e1lne technol\u00f3gie a pr\u00e1vna lingvistika: implik\u00e1cie pre v\u00fdu\u010dbu pr\u00e1vneho jazyka a v\u00fdskum pr\u00e1vnej terminol\u00f3gie Rozvoj digit\u00e1lnych technol\u00f3gi\u00ed otv\u00e1ra nov\u00e9 mo\u017enosti pre sk\u00famanie pr\u00e1vneho jazyka a pr\u00e1vnej terminol\u00f3gie, ako aj pre inovat\u00edvne pr\u00edstupy vo v\u00fdu\u010dbe. Sekcia je zameran\u00e1 na interdisciplin\u00e1rne prepojenie pr\u00e1vnej lingvistiky, modern\u00fdch digit\u00e1lnych n\u00e1strojov a pr\u00e1vnych informa\u010dn\u00fdch syst\u00e9mov. Diskusia bude venovan\u00e1 ot\u00e1zkam \u0161tandardiz\u00e1cie a [&hellip;]<\/p>\n","protected":false},"author":2,"featured_media":0,"parent":0,"menu_order":0,"comment_status":"closed","ping_status":"closed","template":"","meta":{"ngg_post_thumbnail":0,"footnotes":""},"class_list":["post-564","page","type-page","status-publish","hentry"],"yoast_head":"<!-- This site is optimized with the Yoast SEO plugin v27.2 - https:\/\/yoast.com\/product\/yoast-seo-wordpress\/ -->\n<title>Sekcia cudzojazy\u010dnej pr\u00e1vnej komunik\u00e1cie - BPF<\/title>\n<meta name=\"robots\" content=\"index, follow, max-snippet:-1, max-image-preview:large, max-video-preview:-1\" \/>\n<link rel=\"canonical\" href=\"https:\/\/bpf2025.flaw.uniba.sk\/en\/sekcia-cudzojazycnej-pravnej-komunikacie\/\" \/>\n<meta property=\"og:locale\" content=\"en_US\" \/>\n<meta property=\"og:type\" content=\"article\" \/>\n<meta property=\"og:title\" content=\"Sekcia cudzojazy\u010dnej pr\u00e1vnej komunik\u00e1cie - BPF\" \/>\n<meta property=\"og:description\" content=\"Digit\u00e1lne technol\u00f3gie a pr\u00e1vna lingvistika: implik\u00e1cie pre v\u00fdu\u010dbu pr\u00e1vneho jazyka a v\u00fdskum pr\u00e1vnej terminol\u00f3gie Rozvoj digit\u00e1lnych technol\u00f3gi\u00ed otv\u00e1ra nov\u00e9 mo\u017enosti pre sk\u00famanie pr\u00e1vneho jazyka a pr\u00e1vnej terminol\u00f3gie, ako aj pre inovat\u00edvne pr\u00edstupy vo v\u00fdu\u010dbe. Sekcia je zameran\u00e1 na interdisciplin\u00e1rne prepojenie pr\u00e1vnej lingvistiky, modern\u00fdch digit\u00e1lnych n\u00e1strojov a pr\u00e1vnych informa\u010dn\u00fdch syst\u00e9mov. Diskusia bude venovan\u00e1 ot\u00e1zkam \u0161tandardiz\u00e1cie a [&hellip;]\" \/>\n<meta property=\"og:url\" content=\"https:\/\/bpf2025.flaw.uniba.sk\/en\/sekcia-cudzojazycnej-pravnej-komunikacie\/\" \/>\n<meta property=\"og:site_name\" content=\"BPF\" \/>\n<meta property=\"article:modified_time\" content=\"2025-07-03T07:34:44+00:00\" \/>\n<meta property=\"og:image\" content=\"https:\/\/bpf.flaw.uniba.sk\/wp-content\/uploads\/2025\/07\/logo_V4-Fund-9-1024x520.png\" \/>\n<meta name=\"twitter:card\" content=\"summary_large_image\" \/>\n<meta name=\"twitter:label1\" content=\"Est. reading time\" \/>\n\t<meta name=\"twitter:data1\" content=\"1 minute\" \/>\n<script type=\"application\/ld+json\" class=\"yoast-schema-graph\">{\"@context\":\"https:\/\/schema.org\",\"@graph\":[{\"@type\":\"WebPage\",\"@id\":\"https:\/\/bpf2025.flaw.uniba.sk\/sekcia-cudzojazycnej-pravnej-komunikacie\/\",\"url\":\"https:\/\/bpf2025.flaw.uniba.sk\/sekcia-cudzojazycnej-pravnej-komunikacie\/\",\"name\":\"Sekcia cudzojazy\u010dnej pr\u00e1vnej komunik\u00e1cie - BPF\",\"isPartOf\":{\"@id\":\"https:\/\/bpf2025.flaw.uniba.sk\/#website\"},\"primaryImageOfPage\":{\"@id\":\"https:\/\/bpf2025.flaw.uniba.sk\/sekcia-cudzojazycnej-pravnej-komunikacie\/#primaryimage\"},\"image\":{\"@id\":\"https:\/\/bpf2025.flaw.uniba.sk\/sekcia-cudzojazycnej-pravnej-komunikacie\/#primaryimage\"},\"thumbnailUrl\":\"https:\/\/bpf.flaw.uniba.sk\/wp-content\/uploads\/2025\/07\/logo_V4-Fund-9-1024x520.png\",\"datePublished\":\"2022-07-15T07:41:02+00:00\",\"dateModified\":\"2025-07-03T07:34:44+00:00\",\"breadcrumb\":{\"@id\":\"https:\/\/bpf2025.flaw.uniba.sk\/sekcia-cudzojazycnej-pravnej-komunikacie\/#breadcrumb\"},\"inLanguage\":\"en-US\",\"potentialAction\":[{\"@type\":\"ReadAction\",\"target\":[\"https:\/\/bpf2025.flaw.uniba.sk\/sekcia-cudzojazycnej-pravnej-komunikacie\/\"]}]},{\"@type\":\"ImageObject\",\"inLanguage\":\"en-US\",\"@id\":\"https:\/\/bpf2025.flaw.uniba.sk\/sekcia-cudzojazycnej-pravnej-komunikacie\/#primaryimage\",\"url\":\"https:\/\/bpf.flaw.uniba.sk\/wp-content\/uploads\/2025\/07\/logo_V4-Fund-9-1024x520.png\",\"contentUrl\":\"https:\/\/bpf.flaw.uniba.sk\/wp-content\/uploads\/2025\/07\/logo_V4-Fund-9-1024x520.png\"},{\"@type\":\"BreadcrumbList\",\"@id\":\"https:\/\/bpf2025.flaw.uniba.sk\/sekcia-cudzojazycnej-pravnej-komunikacie\/#breadcrumb\",\"itemListElement\":[{\"@type\":\"ListItem\",\"position\":1,\"name\":\"Home\",\"item\":\"https:\/\/bpf2025.flaw.uniba.sk\/\"},{\"@type\":\"ListItem\",\"position\":2,\"name\":\"Sekcia cudzojazy\u010dnej pr\u00e1vnej komunik\u00e1cie\"}]},{\"@type\":\"WebSite\",\"@id\":\"https:\/\/bpf2025.flaw.uniba.sk\/#website\",\"url\":\"https:\/\/bpf2025.flaw.uniba.sk\/\",\"name\":\"BPF\",\"description\":\"\",\"publisher\":{\"@id\":\"https:\/\/bpf2025.flaw.uniba.sk\/#organization\"},\"potentialAction\":[{\"@type\":\"SearchAction\",\"target\":{\"@type\":\"EntryPoint\",\"urlTemplate\":\"https:\/\/bpf2025.flaw.uniba.sk\/?s={search_term_string}\"},\"query-input\":{\"@type\":\"PropertyValueSpecification\",\"valueRequired\":true,\"valueName\":\"search_term_string\"}}],\"inLanguage\":\"en-US\"},{\"@type\":\"Organization\",\"@id\":\"https:\/\/bpf2025.flaw.uniba.sk\/#organization\",\"name\":\"BPF\",\"url\":\"https:\/\/bpf2025.flaw.uniba.sk\/\",\"logo\":{\"@type\":\"ImageObject\",\"inLanguage\":\"en-US\",\"@id\":\"https:\/\/bpf2025.flaw.uniba.sk\/#\/schema\/logo\/image\/\",\"url\":\"https:\/\/bpf2025.flaw.uniba.sk\/wp-content\/uploads\/2025\/01\/LOGO-SJ-biela.png\",\"contentUrl\":\"https:\/\/bpf2025.flaw.uniba.sk\/wp-content\/uploads\/2025\/01\/LOGO-SJ-biela.png\",\"width\":3151,\"height\":1062,\"caption\":\"BPF\"},\"image\":{\"@id\":\"https:\/\/bpf2025.flaw.uniba.sk\/#\/schema\/logo\/image\/\"}}]}<\/script>\n<!-- \/ Yoast SEO plugin. -->","yoast_head_json":{"title":"Sekcia cudzojazy\u010dnej pr\u00e1vnej komunik\u00e1cie - BPF","robots":{"index":"index","follow":"follow","max-snippet":"max-snippet:-1","max-image-preview":"max-image-preview:large","max-video-preview":"max-video-preview:-1"},"canonical":"https:\/\/bpf2025.flaw.uniba.sk\/en\/sekcia-cudzojazycnej-pravnej-komunikacie\/","og_locale":"en_US","og_type":"article","og_title":"Sekcia cudzojazy\u010dnej pr\u00e1vnej komunik\u00e1cie - BPF","og_description":"Digit\u00e1lne technol\u00f3gie a pr\u00e1vna lingvistika: implik\u00e1cie pre v\u00fdu\u010dbu pr\u00e1vneho jazyka a v\u00fdskum pr\u00e1vnej terminol\u00f3gie Rozvoj digit\u00e1lnych technol\u00f3gi\u00ed otv\u00e1ra nov\u00e9 mo\u017enosti pre sk\u00famanie pr\u00e1vneho jazyka a pr\u00e1vnej terminol\u00f3gie, ako aj pre inovat\u00edvne pr\u00edstupy vo v\u00fdu\u010dbe. Sekcia je zameran\u00e1 na interdisciplin\u00e1rne prepojenie pr\u00e1vnej lingvistiky, modern\u00fdch digit\u00e1lnych n\u00e1strojov a pr\u00e1vnych informa\u010dn\u00fdch syst\u00e9mov. Diskusia bude venovan\u00e1 ot\u00e1zkam \u0161tandardiz\u00e1cie a [&hellip;]","og_url":"https:\/\/bpf2025.flaw.uniba.sk\/en\/sekcia-cudzojazycnej-pravnej-komunikacie\/","og_site_name":"BPF","article_modified_time":"2025-07-03T07:34:44+00:00","og_image":[{"url":"https:\/\/bpf.flaw.uniba.sk\/wp-content\/uploads\/2025\/07\/logo_V4-Fund-9-1024x520.png","type":"","width":"","height":""}],"twitter_card":"summary_large_image","twitter_misc":{"Est. reading time":"1 minute"},"schema":{"@context":"https:\/\/schema.org","@graph":[{"@type":"WebPage","@id":"https:\/\/bpf2025.flaw.uniba.sk\/sekcia-cudzojazycnej-pravnej-komunikacie\/","url":"https:\/\/bpf2025.flaw.uniba.sk\/sekcia-cudzojazycnej-pravnej-komunikacie\/","name":"Sekcia cudzojazy\u010dnej pr\u00e1vnej komunik\u00e1cie - BPF","isPartOf":{"@id":"https:\/\/bpf2025.flaw.uniba.sk\/#website"},"primaryImageOfPage":{"@id":"https:\/\/bpf2025.flaw.uniba.sk\/sekcia-cudzojazycnej-pravnej-komunikacie\/#primaryimage"},"image":{"@id":"https:\/\/bpf2025.flaw.uniba.sk\/sekcia-cudzojazycnej-pravnej-komunikacie\/#primaryimage"},"thumbnailUrl":"https:\/\/bpf.flaw.uniba.sk\/wp-content\/uploads\/2025\/07\/logo_V4-Fund-9-1024x520.png","datePublished":"2022-07-15T07:41:02+00:00","dateModified":"2025-07-03T07:34:44+00:00","breadcrumb":{"@id":"https:\/\/bpf2025.flaw.uniba.sk\/sekcia-cudzojazycnej-pravnej-komunikacie\/#breadcrumb"},"inLanguage":"en-US","potentialAction":[{"@type":"ReadAction","target":["https:\/\/bpf2025.flaw.uniba.sk\/sekcia-cudzojazycnej-pravnej-komunikacie\/"]}]},{"@type":"ImageObject","inLanguage":"en-US","@id":"https:\/\/bpf2025.flaw.uniba.sk\/sekcia-cudzojazycnej-pravnej-komunikacie\/#primaryimage","url":"https:\/\/bpf.flaw.uniba.sk\/wp-content\/uploads\/2025\/07\/logo_V4-Fund-9-1024x520.png","contentUrl":"https:\/\/bpf.flaw.uniba.sk\/wp-content\/uploads\/2025\/07\/logo_V4-Fund-9-1024x520.png"},{"@type":"BreadcrumbList","@id":"https:\/\/bpf2025.flaw.uniba.sk\/sekcia-cudzojazycnej-pravnej-komunikacie\/#breadcrumb","itemListElement":[{"@type":"ListItem","position":1,"name":"Home","item":"https:\/\/bpf2025.flaw.uniba.sk\/"},{"@type":"ListItem","position":2,"name":"Sekcia cudzojazy\u010dnej pr\u00e1vnej komunik\u00e1cie"}]},{"@type":"WebSite","@id":"https:\/\/bpf2025.flaw.uniba.sk\/#website","url":"https:\/\/bpf2025.flaw.uniba.sk\/","name":"BLF","description":"","publisher":{"@id":"https:\/\/bpf2025.flaw.uniba.sk\/#organization"},"potentialAction":[{"@type":"SearchAction","target":{"@type":"EntryPoint","urlTemplate":"https:\/\/bpf2025.flaw.uniba.sk\/?s={search_term_string}"},"query-input":{"@type":"PropertyValueSpecification","valueRequired":true,"valueName":"search_term_string"}}],"inLanguage":"en-US"},{"@type":"Organization","@id":"https:\/\/bpf2025.flaw.uniba.sk\/#organization","name":"BLF","url":"https:\/\/bpf2025.flaw.uniba.sk\/","logo":{"@type":"ImageObject","inLanguage":"en-US","@id":"https:\/\/bpf2025.flaw.uniba.sk\/#\/schema\/logo\/image\/","url":"https:\/\/bpf2025.flaw.uniba.sk\/wp-content\/uploads\/2025\/01\/LOGO-SJ-biela.png","contentUrl":"https:\/\/bpf2025.flaw.uniba.sk\/wp-content\/uploads\/2025\/01\/LOGO-SJ-biela.png","width":3151,"height":1062,"caption":"BPF"},"image":{"@id":"https:\/\/bpf2025.flaw.uniba.sk\/#\/schema\/logo\/image\/"}}]}},"_links":{"self":[{"href":"https:\/\/bpf2025.flaw.uniba.sk\/en\/wp-json\/wp\/v2\/pages\/564","targetHints":{"allow":["GET"]}}],"collection":[{"href":"https:\/\/bpf2025.flaw.uniba.sk\/en\/wp-json\/wp\/v2\/pages"}],"about":[{"href":"https:\/\/bpf2025.flaw.uniba.sk\/en\/wp-json\/wp\/v2\/types\/page"}],"author":[{"embeddable":true,"href":"https:\/\/bpf2025.flaw.uniba.sk\/en\/wp-json\/wp\/v2\/users\/2"}],"replies":[{"embeddable":true,"href":"https:\/\/bpf2025.flaw.uniba.sk\/en\/wp-json\/wp\/v2\/comments?post=564"}],"version-history":[{"count":12,"href":"https:\/\/bpf2025.flaw.uniba.sk\/en\/wp-json\/wp\/v2\/pages\/564\/revisions"}],"predecessor-version":[{"id":2317,"href":"https:\/\/bpf2025.flaw.uniba.sk\/en\/wp-json\/wp\/v2\/pages\/564\/revisions\/2317"}],"wp:attachment":[{"href":"https:\/\/bpf2025.flaw.uniba.sk\/en\/wp-json\/wp\/v2\/media?parent=564"}],"curies":[{"name":"wp","href":"https:\/\/api.w.org\/{rel}","templated":true}]}}