{"id":399,"date":"2021-03-17T13:25:51","date_gmt":"2021-03-17T12:25:51","guid":{"rendered":"https:\/\/bpf.flaw.uniba.sk\/?page_id=399"},"modified":"2025-07-03T09:15:35","modified_gmt":"2025-07-03T07:15:35","slug":"sekcia-teorie-prava-filozofie-prava","status":"publish","type":"page","link":"https:\/\/bpf2025.flaw.uniba.sk\/en\/sekcia-teorie-prava-filozofie-prava\/","title":{"rendered":"Theory of Law and Philosophy of Law, Constitutional Law and International Law and International Relations Section"},"content":{"rendered":"<figure class=\"wp-block-image size-large\"><img fetchpriority=\"high\" decoding=\"async\" width=\"1024\" height=\"520\" src=\"https:\/\/bpf.flaw.uniba.sk\/wp-content\/uploads\/2025\/07\/logo_V4-Fund-1024x520.png\" alt=\"\" class=\"wp-image-2292\" srcset=\"https:\/\/bpf2025.flaw.uniba.sk\/wp-content\/uploads\/2025\/07\/logo_V4-Fund-1024x520.png 1024w, https:\/\/bpf2025.flaw.uniba.sk\/wp-content\/uploads\/2025\/07\/logo_V4-Fund-300x152.png 300w, https:\/\/bpf2025.flaw.uniba.sk\/wp-content\/uploads\/2025\/07\/logo_V4-Fund-768x390.png 768w, https:\/\/bpf2025.flaw.uniba.sk\/wp-content\/uploads\/2025\/07\/logo_V4-Fund-18x9.png 18w, https:\/\/bpf2025.flaw.uniba.sk\/wp-content\/uploads\/2025\/07\/logo_V4-Fund-1200x610.png 1200w, https:\/\/bpf2025.flaw.uniba.sk\/wp-content\/uploads\/2025\/07\/logo_V4-Fund.png 1240w\" sizes=\"(max-width: 1024px) 100vw, 1024px\" \/><\/figure>\n\n\n\n<h2 class=\"wp-block-heading alignwide has-text-align-center\">Responsibility in Law and Society - International, Constitutional and Theoretical Aspects in the Era of Cyber Threats and Digitalization<\/h2>\n\n\n\n<p class=\"has-drop-cap\">Responsibility is the regulator of any normative system because it ensures compliance with the rules in a preventive, punitive and educational way, and imposes consequences for violation. Analyzing theoretical aspects of responsibility within law and society also enables a response to contemporary challenges such as digitalization and cyber threats. Addressing these modern phenomena sheds new light on the concept of legal responsibility, encompassing all its types, including disciplinary liability. Furthermore, the section delves into constitutional dimensions of responsibility \u2013 examining the accountability of constitutional authorities and the exercise of constitutional rights, while considering the implications of digitalization and cyber threats. Finally, it explores international legal perspectives on cyber threats, considering key initiatives by international organizations, and assesses the pitfalls and effectiveness of digitalization within judicial cooperation in civil matters.<\/p>\n\n\n\n<p><strong>Guarantors of the section:<\/strong><\/p>\n\n\n\n<p>prof. JUDr. Mgr. Martina Gajdo\u0161ov\u00e1, PhD.<\/p>\n\n\n\n<p>prof. JUDr. L\u00edvia Trellov\u00e1, PhD.<\/p>\n\n\n\n<p>prof. JUDr. PhDr. Miroslav Sla\u0161\u0165an, PhD.<\/p>","protected":false},"excerpt":{"rendered":"<p>Zodpovednos\u0165 v pr\u00e1ve a v spolo\u010dnosti \u2013 medzin\u00e1rodn\u00e9, \u00fastavn\u00e9 a teoretick\u00e9 aspekty v dobe kybernetick\u00fdch hrozieb a digitaliz\u00e1cie Zodpovednos\u0165 je regul\u00e1torom ka\u017ed\u00e9ho normat\u00edvneho syst\u00e9mu, preto\u017ee zabezpe\u010duje prevent\u00edvnym, repres\u00edvnym i v\u00fdchovn\u00fdm sp\u00f4sobom dodr\u017eiavanie pravidiel a z\u00e1rove\u0148 zabezpe\u010duje vyvodzovanie n\u00e1sledkov za ich poru\u0161enie. Sk\u00famanie teoretick\u00fdch aspektov zodpovednosti v pr\u00e1ve a v spolo\u010dnosti reaguje aj na nov\u00e9 fenom\u00e9ny, [&hellip;]<\/p>\n","protected":false},"author":2,"featured_media":0,"parent":0,"menu_order":0,"comment_status":"closed","ping_status":"closed","template":"","meta":{"ngg_post_thumbnail":0,"footnotes":""},"class_list":["post-399","page","type-page","status-publish","hentry"],"yoast_head":"<!-- This site is optimized with the Yoast SEO plugin v27.2 - https:\/\/yoast.com\/product\/yoast-seo-wordpress\/ -->\n<title>Sekcia te\u00f3rie pr\u00e1va a filozofie pr\u00e1va, \u00fastavn\u00e9ho pr\u00e1va a medzin\u00e1rodn\u00e9ho pr\u00e1va a medzin\u00e1rodn\u00fdch vz\u0165ahov - BPF<\/title>\n<meta name=\"robots\" content=\"index, follow, max-snippet:-1, max-image-preview:large, max-video-preview:-1\" \/>\n<link rel=\"canonical\" href=\"https:\/\/bpf2025.flaw.uniba.sk\/en\/sekcia-teorie-prava-filozofie-prava\/\" \/>\n<meta property=\"og:locale\" content=\"en_US\" \/>\n<meta property=\"og:type\" content=\"article\" \/>\n<meta property=\"og:title\" content=\"Sekcia te\u00f3rie pr\u00e1va a filozofie pr\u00e1va, \u00fastavn\u00e9ho pr\u00e1va a medzin\u00e1rodn\u00e9ho pr\u00e1va a medzin\u00e1rodn\u00fdch vz\u0165ahov - BPF\" \/>\n<meta property=\"og:description\" content=\"Zodpovednos\u0165 v pr\u00e1ve a v spolo\u010dnosti \u2013 medzin\u00e1rodn\u00e9, \u00fastavn\u00e9 a teoretick\u00e9 aspekty v dobe kybernetick\u00fdch hrozieb a digitaliz\u00e1cie Zodpovednos\u0165 je regul\u00e1torom ka\u017ed\u00e9ho normat\u00edvneho syst\u00e9mu, preto\u017ee zabezpe\u010duje prevent\u00edvnym, repres\u00edvnym i v\u00fdchovn\u00fdm sp\u00f4sobom dodr\u017eiavanie pravidiel a z\u00e1rove\u0148 zabezpe\u010duje vyvodzovanie n\u00e1sledkov za ich poru\u0161enie. Sk\u00famanie teoretick\u00fdch aspektov zodpovednosti v pr\u00e1ve a v spolo\u010dnosti reaguje aj na nov\u00e9 fenom\u00e9ny, [&hellip;]\" \/>\n<meta property=\"og:url\" content=\"https:\/\/bpf2025.flaw.uniba.sk\/en\/sekcia-teorie-prava-filozofie-prava\/\" \/>\n<meta property=\"og:site_name\" content=\"BPF\" \/>\n<meta property=\"article:modified_time\" content=\"2025-07-03T07:15:35+00:00\" \/>\n<meta property=\"og:image\" content=\"https:\/\/bpf.flaw.uniba.sk\/wp-content\/uploads\/2025\/07\/logo_V4-Fund-1024x520.png\" \/>\n<meta name=\"twitter:card\" content=\"summary_large_image\" \/>\n<meta name=\"twitter:label1\" content=\"Est. reading time\" \/>\n\t<meta name=\"twitter:data1\" content=\"2 minutes\" \/>\n<script type=\"application\/ld+json\" class=\"yoast-schema-graph\">{\"@context\":\"https:\/\/schema.org\",\"@graph\":[{\"@type\":\"WebPage\",\"@id\":\"https:\/\/bpf2025.flaw.uniba.sk\/sekcia-teorie-prava-filozofie-prava\/\",\"url\":\"https:\/\/bpf2025.flaw.uniba.sk\/sekcia-teorie-prava-filozofie-prava\/\",\"name\":\"Sekcia te\u00f3rie pr\u00e1va a filozofie pr\u00e1va, \u00fastavn\u00e9ho pr\u00e1va a medzin\u00e1rodn\u00e9ho pr\u00e1va a medzin\u00e1rodn\u00fdch vz\u0165ahov - BPF\",\"isPartOf\":{\"@id\":\"https:\/\/bpf2025.flaw.uniba.sk\/#website\"},\"primaryImageOfPage\":{\"@id\":\"https:\/\/bpf2025.flaw.uniba.sk\/sekcia-teorie-prava-filozofie-prava\/#primaryimage\"},\"image\":{\"@id\":\"https:\/\/bpf2025.flaw.uniba.sk\/sekcia-teorie-prava-filozofie-prava\/#primaryimage\"},\"thumbnailUrl\":\"https:\/\/bpf.flaw.uniba.sk\/wp-content\/uploads\/2025\/07\/logo_V4-Fund-1024x520.png\",\"datePublished\":\"2021-03-17T12:25:51+00:00\",\"dateModified\":\"2025-07-03T07:15:35+00:00\",\"breadcrumb\":{\"@id\":\"https:\/\/bpf2025.flaw.uniba.sk\/sekcia-teorie-prava-filozofie-prava\/#breadcrumb\"},\"inLanguage\":\"en-US\",\"potentialAction\":[{\"@type\":\"ReadAction\",\"target\":[\"https:\/\/bpf2025.flaw.uniba.sk\/sekcia-teorie-prava-filozofie-prava\/\"]}]},{\"@type\":\"ImageObject\",\"inLanguage\":\"en-US\",\"@id\":\"https:\/\/bpf2025.flaw.uniba.sk\/sekcia-teorie-prava-filozofie-prava\/#primaryimage\",\"url\":\"https:\/\/bpf.flaw.uniba.sk\/wp-content\/uploads\/2025\/07\/logo_V4-Fund-1024x520.png\",\"contentUrl\":\"https:\/\/bpf.flaw.uniba.sk\/wp-content\/uploads\/2025\/07\/logo_V4-Fund-1024x520.png\"},{\"@type\":\"BreadcrumbList\",\"@id\":\"https:\/\/bpf2025.flaw.uniba.sk\/sekcia-teorie-prava-filozofie-prava\/#breadcrumb\",\"itemListElement\":[{\"@type\":\"ListItem\",\"position\":1,\"name\":\"Home\",\"item\":\"https:\/\/bpf2025.flaw.uniba.sk\/\"},{\"@type\":\"ListItem\",\"position\":2,\"name\":\"Sekcia te\u00f3rie pr\u00e1va a filozofie pr\u00e1va, \u00fastavn\u00e9ho pr\u00e1va a medzin\u00e1rodn\u00e9ho pr\u00e1va a medzin\u00e1rodn\u00fdch vz\u0165ahov\"}]},{\"@type\":\"WebSite\",\"@id\":\"https:\/\/bpf2025.flaw.uniba.sk\/#website\",\"url\":\"https:\/\/bpf2025.flaw.uniba.sk\/\",\"name\":\"BPF\",\"description\":\"\",\"publisher\":{\"@id\":\"https:\/\/bpf2025.flaw.uniba.sk\/#organization\"},\"potentialAction\":[{\"@type\":\"SearchAction\",\"target\":{\"@type\":\"EntryPoint\",\"urlTemplate\":\"https:\/\/bpf2025.flaw.uniba.sk\/?s={search_term_string}\"},\"query-input\":{\"@type\":\"PropertyValueSpecification\",\"valueRequired\":true,\"valueName\":\"search_term_string\"}}],\"inLanguage\":\"en-US\"},{\"@type\":\"Organization\",\"@id\":\"https:\/\/bpf2025.flaw.uniba.sk\/#organization\",\"name\":\"BPF\",\"url\":\"https:\/\/bpf2025.flaw.uniba.sk\/\",\"logo\":{\"@type\":\"ImageObject\",\"inLanguage\":\"en-US\",\"@id\":\"https:\/\/bpf2025.flaw.uniba.sk\/#\/schema\/logo\/image\/\",\"url\":\"https:\/\/bpf2025.flaw.uniba.sk\/wp-content\/uploads\/2025\/01\/LOGO-SJ-biela.png\",\"contentUrl\":\"https:\/\/bpf2025.flaw.uniba.sk\/wp-content\/uploads\/2025\/01\/LOGO-SJ-biela.png\",\"width\":3151,\"height\":1062,\"caption\":\"BPF\"},\"image\":{\"@id\":\"https:\/\/bpf2025.flaw.uniba.sk\/#\/schema\/logo\/image\/\"}}]}<\/script>\n<!-- \/ Yoast SEO plugin. -->","yoast_head_json":{"title":"Sekcia te\u00f3rie pr\u00e1va a filozofie pr\u00e1va, \u00fastavn\u00e9ho pr\u00e1va a medzin\u00e1rodn\u00e9ho pr\u00e1va a medzin\u00e1rodn\u00fdch vz\u0165ahov - BPF","robots":{"index":"index","follow":"follow","max-snippet":"max-snippet:-1","max-image-preview":"max-image-preview:large","max-video-preview":"max-video-preview:-1"},"canonical":"https:\/\/bpf2025.flaw.uniba.sk\/en\/sekcia-teorie-prava-filozofie-prava\/","og_locale":"en_US","og_type":"article","og_title":"Sekcia te\u00f3rie pr\u00e1va a filozofie pr\u00e1va, \u00fastavn\u00e9ho pr\u00e1va a medzin\u00e1rodn\u00e9ho pr\u00e1va a medzin\u00e1rodn\u00fdch vz\u0165ahov - BPF","og_description":"Zodpovednos\u0165 v pr\u00e1ve a v spolo\u010dnosti \u2013 medzin\u00e1rodn\u00e9, \u00fastavn\u00e9 a teoretick\u00e9 aspekty v dobe kybernetick\u00fdch hrozieb a digitaliz\u00e1cie Zodpovednos\u0165 je regul\u00e1torom ka\u017ed\u00e9ho normat\u00edvneho syst\u00e9mu, preto\u017ee zabezpe\u010duje prevent\u00edvnym, repres\u00edvnym i v\u00fdchovn\u00fdm sp\u00f4sobom dodr\u017eiavanie pravidiel a z\u00e1rove\u0148 zabezpe\u010duje vyvodzovanie n\u00e1sledkov za ich poru\u0161enie. Sk\u00famanie teoretick\u00fdch aspektov zodpovednosti v pr\u00e1ve a v spolo\u010dnosti reaguje aj na nov\u00e9 fenom\u00e9ny, [&hellip;]","og_url":"https:\/\/bpf2025.flaw.uniba.sk\/en\/sekcia-teorie-prava-filozofie-prava\/","og_site_name":"BPF","article_modified_time":"2025-07-03T07:15:35+00:00","og_image":[{"url":"https:\/\/bpf.flaw.uniba.sk\/wp-content\/uploads\/2025\/07\/logo_V4-Fund-1024x520.png","type":"","width":"","height":""}],"twitter_card":"summary_large_image","twitter_misc":{"Est. reading time":"2 minutes"},"schema":{"@context":"https:\/\/schema.org","@graph":[{"@type":"WebPage","@id":"https:\/\/bpf2025.flaw.uniba.sk\/sekcia-teorie-prava-filozofie-prava\/","url":"https:\/\/bpf2025.flaw.uniba.sk\/sekcia-teorie-prava-filozofie-prava\/","name":"Sekcia te\u00f3rie pr\u00e1va a filozofie pr\u00e1va, \u00fastavn\u00e9ho pr\u00e1va a medzin\u00e1rodn\u00e9ho pr\u00e1va a medzin\u00e1rodn\u00fdch vz\u0165ahov - BPF","isPartOf":{"@id":"https:\/\/bpf2025.flaw.uniba.sk\/#website"},"primaryImageOfPage":{"@id":"https:\/\/bpf2025.flaw.uniba.sk\/sekcia-teorie-prava-filozofie-prava\/#primaryimage"},"image":{"@id":"https:\/\/bpf2025.flaw.uniba.sk\/sekcia-teorie-prava-filozofie-prava\/#primaryimage"},"thumbnailUrl":"https:\/\/bpf.flaw.uniba.sk\/wp-content\/uploads\/2025\/07\/logo_V4-Fund-1024x520.png","datePublished":"2021-03-17T12:25:51+00:00","dateModified":"2025-07-03T07:15:35+00:00","breadcrumb":{"@id":"https:\/\/bpf2025.flaw.uniba.sk\/sekcia-teorie-prava-filozofie-prava\/#breadcrumb"},"inLanguage":"en-US","potentialAction":[{"@type":"ReadAction","target":["https:\/\/bpf2025.flaw.uniba.sk\/sekcia-teorie-prava-filozofie-prava\/"]}]},{"@type":"ImageObject","inLanguage":"en-US","@id":"https:\/\/bpf2025.flaw.uniba.sk\/sekcia-teorie-prava-filozofie-prava\/#primaryimage","url":"https:\/\/bpf.flaw.uniba.sk\/wp-content\/uploads\/2025\/07\/logo_V4-Fund-1024x520.png","contentUrl":"https:\/\/bpf.flaw.uniba.sk\/wp-content\/uploads\/2025\/07\/logo_V4-Fund-1024x520.png"},{"@type":"BreadcrumbList","@id":"https:\/\/bpf2025.flaw.uniba.sk\/sekcia-teorie-prava-filozofie-prava\/#breadcrumb","itemListElement":[{"@type":"ListItem","position":1,"name":"Home","item":"https:\/\/bpf2025.flaw.uniba.sk\/"},{"@type":"ListItem","position":2,"name":"Sekcia te\u00f3rie pr\u00e1va a filozofie pr\u00e1va, \u00fastavn\u00e9ho pr\u00e1va a medzin\u00e1rodn\u00e9ho pr\u00e1va a medzin\u00e1rodn\u00fdch vz\u0165ahov"}]},{"@type":"WebSite","@id":"https:\/\/bpf2025.flaw.uniba.sk\/#website","url":"https:\/\/bpf2025.flaw.uniba.sk\/","name":"BLF","description":"","publisher":{"@id":"https:\/\/bpf2025.flaw.uniba.sk\/#organization"},"potentialAction":[{"@type":"SearchAction","target":{"@type":"EntryPoint","urlTemplate":"https:\/\/bpf2025.flaw.uniba.sk\/?s={search_term_string}"},"query-input":{"@type":"PropertyValueSpecification","valueRequired":true,"valueName":"search_term_string"}}],"inLanguage":"en-US"},{"@type":"Organization","@id":"https:\/\/bpf2025.flaw.uniba.sk\/#organization","name":"BLF","url":"https:\/\/bpf2025.flaw.uniba.sk\/","logo":{"@type":"ImageObject","inLanguage":"en-US","@id":"https:\/\/bpf2025.flaw.uniba.sk\/#\/schema\/logo\/image\/","url":"https:\/\/bpf2025.flaw.uniba.sk\/wp-content\/uploads\/2025\/01\/LOGO-SJ-biela.png","contentUrl":"https:\/\/bpf2025.flaw.uniba.sk\/wp-content\/uploads\/2025\/01\/LOGO-SJ-biela.png","width":3151,"height":1062,"caption":"BPF"},"image":{"@id":"https:\/\/bpf2025.flaw.uniba.sk\/#\/schema\/logo\/image\/"}}]}},"_links":{"self":[{"href":"https:\/\/bpf2025.flaw.uniba.sk\/en\/wp-json\/wp\/v2\/pages\/399","targetHints":{"allow":["GET"]}}],"collection":[{"href":"https:\/\/bpf2025.flaw.uniba.sk\/en\/wp-json\/wp\/v2\/pages"}],"about":[{"href":"https:\/\/bpf2025.flaw.uniba.sk\/en\/wp-json\/wp\/v2\/types\/page"}],"author":[{"embeddable":true,"href":"https:\/\/bpf2025.flaw.uniba.sk\/en\/wp-json\/wp\/v2\/users\/2"}],"replies":[{"embeddable":true,"href":"https:\/\/bpf2025.flaw.uniba.sk\/en\/wp-json\/wp\/v2\/comments?post=399"}],"version-history":[{"count":13,"href":"https:\/\/bpf2025.flaw.uniba.sk\/en\/wp-json\/wp\/v2\/pages\/399\/revisions"}],"predecessor-version":[{"id":2293,"href":"https:\/\/bpf2025.flaw.uniba.sk\/en\/wp-json\/wp\/v2\/pages\/399\/revisions\/2293"}],"wp:attachment":[{"href":"https:\/\/bpf2025.flaw.uniba.sk\/en\/wp-json\/wp\/v2\/media?parent=399"}],"curies":[{"name":"wp","href":"https:\/\/api.w.org\/{rel}","templated":true}]}}