{"id":389,"date":"2021-03-17T13:23:44","date_gmt":"2021-03-17T12:23:44","guid":{"rendered":"https:\/\/bpf.flaw.uniba.sk\/?page_id=389"},"modified":"2025-07-03T09:32:22","modified_gmt":"2025-07-03T07:32:22","slug":"sekcia-pracovneho-prava-a-psz","status":"publish","type":"page","link":"https:\/\/bpf2025.flaw.uniba.sk\/en\/sekcia-pracovneho-prava-a-psz\/","title":{"rendered":"Labour Law and Social Security Law Section"},"content":{"rendered":"<figure class=\"wp-block-image size-large\"><img fetchpriority=\"high\" decoding=\"async\" width=\"1024\" height=\"520\" src=\"https:\/\/bpf.flaw.uniba.sk\/wp-content\/uploads\/2025\/07\/logo_V4-Fund-6-1024x520.png\" alt=\"\" class=\"wp-image-2309\" srcset=\"https:\/\/bpf2025.flaw.uniba.sk\/wp-content\/uploads\/2025\/07\/logo_V4-Fund-6-1024x520.png 1024w, https:\/\/bpf2025.flaw.uniba.sk\/wp-content\/uploads\/2025\/07\/logo_V4-Fund-6-300x152.png 300w, https:\/\/bpf2025.flaw.uniba.sk\/wp-content\/uploads\/2025\/07\/logo_V4-Fund-6-768x390.png 768w, https:\/\/bpf2025.flaw.uniba.sk\/wp-content\/uploads\/2025\/07\/logo_V4-Fund-6-18x9.png 18w, https:\/\/bpf2025.flaw.uniba.sk\/wp-content\/uploads\/2025\/07\/logo_V4-Fund-6-1200x610.png 1200w, https:\/\/bpf2025.flaw.uniba.sk\/wp-content\/uploads\/2025\/07\/logo_V4-Fund-6.png 1240w\" sizes=\"(max-width: 1024px) 100vw, 1024px\" \/><\/figure>\n\n\n\n<h2 class=\"wp-block-heading alignwide has-text-align-center\">Equal Treatment in the Digital Era: Challenges and Opportunities for the Labor Market<\/h2>\n\n\n\n<p class=\"has-drop-cap\">The section is dedicated to the impact of digitization on the working environment and fair employment conditions. The goal is to open a discussion on how new technologies affect equal opportunities and how they can support or threaten an inclusive approach to work. The topic of the section is also focused on ensuring fair treatment in the digital economy and the possibility of using innovations for the benefit of employees as well as employers.<\/p>\n\n\n\n<p><\/p>\n\n\n\n<p><strong>Guarantors of the section:<\/strong><\/p>\n\n\n\n<p>prof. JUDr. Juraj Hamu\u013e\u00e1k, PhD.<\/p>\n\n\n\n<p>doc. JUDr. Lenka Freel, PhD.<\/p>","protected":false},"excerpt":{"rendered":"<p>Rovnak\u00e9 zaobch\u00e1dzanie v \u00e9re digitaliz\u00e1cie: V\u00fdzvy a pr\u00edle\u017eitosti pre trh pr\u00e1ce Sekcia je venovan\u00e1 dopadu digitaliz\u00e1cie na pracovn\u00e9 prostredie a spravodliv\u00e9 podmienky zamestn\u00e1vania. Cie\u013eom je otvori\u0165 diskusiu na t\u00e9mu ako nov\u00e9 technol\u00f3gie ovplyv\u0148uj\u00fa rovnos\u0165 pr\u00edle\u017eitost\u00ed a ako m\u00f4\u017eu podpori\u0165 alebo ohrozi\u0165 inkluz\u00edvny pr\u00edstup k pr\u00e1ci. T\u00e9ma sekcie je zameran\u00e1 aj na zabezpe\u010denie spravodliv\u00e9ho zaobch\u00e1dzania v [&hellip;]<\/p>\n","protected":false},"author":2,"featured_media":0,"parent":0,"menu_order":0,"comment_status":"closed","ping_status":"closed","template":"","meta":{"ngg_post_thumbnail":0,"footnotes":""},"class_list":["post-389","page","type-page","status-publish","hentry"],"yoast_head":"<!-- This site is optimized with the Yoast SEO plugin v27.2 - https:\/\/yoast.com\/product\/yoast-seo-wordpress\/ -->\n<title>Sekcia pracovn\u00e9ho pr\u00e1va a\u00a0pr\u00e1va soci\u00e1lneho zabezpe\u010denia - BPF<\/title>\n<meta name=\"robots\" content=\"index, follow, max-snippet:-1, max-image-preview:large, max-video-preview:-1\" \/>\n<link rel=\"canonical\" href=\"https:\/\/bpf2025.flaw.uniba.sk\/en\/sekcia-pracovneho-prava-a-psz\/\" \/>\n<meta property=\"og:locale\" content=\"en_US\" \/>\n<meta property=\"og:type\" content=\"article\" \/>\n<meta property=\"og:title\" content=\"Sekcia pracovn\u00e9ho pr\u00e1va a\u00a0pr\u00e1va soci\u00e1lneho zabezpe\u010denia - BPF\" \/>\n<meta property=\"og:description\" content=\"Rovnak\u00e9 zaobch\u00e1dzanie v \u00e9re digitaliz\u00e1cie: V\u00fdzvy a pr\u00edle\u017eitosti pre trh pr\u00e1ce Sekcia je venovan\u00e1 dopadu digitaliz\u00e1cie na pracovn\u00e9 prostredie a spravodliv\u00e9 podmienky zamestn\u00e1vania. Cie\u013eom je otvori\u0165 diskusiu na t\u00e9mu ako nov\u00e9 technol\u00f3gie ovplyv\u0148uj\u00fa rovnos\u0165 pr\u00edle\u017eitost\u00ed a ako m\u00f4\u017eu podpori\u0165 alebo ohrozi\u0165 inkluz\u00edvny pr\u00edstup k pr\u00e1ci. T\u00e9ma sekcie je zameran\u00e1 aj na zabezpe\u010denie spravodliv\u00e9ho zaobch\u00e1dzania v [&hellip;]\" \/>\n<meta property=\"og:url\" content=\"https:\/\/bpf2025.flaw.uniba.sk\/en\/sekcia-pracovneho-prava-a-psz\/\" \/>\n<meta property=\"og:site_name\" content=\"BPF\" \/>\n<meta property=\"article:modified_time\" content=\"2025-07-03T07:32:22+00:00\" \/>\n<meta property=\"og:image\" content=\"https:\/\/bpf.flaw.uniba.sk\/wp-content\/uploads\/2025\/07\/logo_V4-Fund-6-1024x520.png\" \/>\n<meta name=\"twitter:card\" content=\"summary_large_image\" \/>\n<meta name=\"twitter:label1\" content=\"Est. reading time\" \/>\n\t<meta name=\"twitter:data1\" content=\"1 minute\" \/>\n<script type=\"application\/ld+json\" class=\"yoast-schema-graph\">{\"@context\":\"https:\/\/schema.org\",\"@graph\":[{\"@type\":\"WebPage\",\"@id\":\"https:\/\/bpf2025.flaw.uniba.sk\/sekcia-pracovneho-prava-a-psz\/\",\"url\":\"https:\/\/bpf2025.flaw.uniba.sk\/sekcia-pracovneho-prava-a-psz\/\",\"name\":\"Sekcia pracovn\u00e9ho pr\u00e1va a\u00a0pr\u00e1va soci\u00e1lneho zabezpe\u010denia - BPF\",\"isPartOf\":{\"@id\":\"https:\/\/bpf2025.flaw.uniba.sk\/#website\"},\"primaryImageOfPage\":{\"@id\":\"https:\/\/bpf2025.flaw.uniba.sk\/sekcia-pracovneho-prava-a-psz\/#primaryimage\"},\"image\":{\"@id\":\"https:\/\/bpf2025.flaw.uniba.sk\/sekcia-pracovneho-prava-a-psz\/#primaryimage\"},\"thumbnailUrl\":\"https:\/\/bpf.flaw.uniba.sk\/wp-content\/uploads\/2025\/07\/logo_V4-Fund-6-1024x520.png\",\"datePublished\":\"2021-03-17T12:23:44+00:00\",\"dateModified\":\"2025-07-03T07:32:22+00:00\",\"breadcrumb\":{\"@id\":\"https:\/\/bpf2025.flaw.uniba.sk\/sekcia-pracovneho-prava-a-psz\/#breadcrumb\"},\"inLanguage\":\"en-US\",\"potentialAction\":[{\"@type\":\"ReadAction\",\"target\":[\"https:\/\/bpf2025.flaw.uniba.sk\/sekcia-pracovneho-prava-a-psz\/\"]}]},{\"@type\":\"ImageObject\",\"inLanguage\":\"en-US\",\"@id\":\"https:\/\/bpf2025.flaw.uniba.sk\/sekcia-pracovneho-prava-a-psz\/#primaryimage\",\"url\":\"https:\/\/bpf.flaw.uniba.sk\/wp-content\/uploads\/2025\/07\/logo_V4-Fund-6-1024x520.png\",\"contentUrl\":\"https:\/\/bpf.flaw.uniba.sk\/wp-content\/uploads\/2025\/07\/logo_V4-Fund-6-1024x520.png\"},{\"@type\":\"BreadcrumbList\",\"@id\":\"https:\/\/bpf2025.flaw.uniba.sk\/sekcia-pracovneho-prava-a-psz\/#breadcrumb\",\"itemListElement\":[{\"@type\":\"ListItem\",\"position\":1,\"name\":\"Home\",\"item\":\"https:\/\/bpf2025.flaw.uniba.sk\/\"},{\"@type\":\"ListItem\",\"position\":2,\"name\":\"Sekcia pracovn\u00e9ho pr\u00e1va a\u00a0pr\u00e1va soci\u00e1lneho zabezpe\u010denia\"}]},{\"@type\":\"WebSite\",\"@id\":\"https:\/\/bpf2025.flaw.uniba.sk\/#website\",\"url\":\"https:\/\/bpf2025.flaw.uniba.sk\/\",\"name\":\"BPF\",\"description\":\"\",\"publisher\":{\"@id\":\"https:\/\/bpf2025.flaw.uniba.sk\/#organization\"},\"potentialAction\":[{\"@type\":\"SearchAction\",\"target\":{\"@type\":\"EntryPoint\",\"urlTemplate\":\"https:\/\/bpf2025.flaw.uniba.sk\/?s={search_term_string}\"},\"query-input\":{\"@type\":\"PropertyValueSpecification\",\"valueRequired\":true,\"valueName\":\"search_term_string\"}}],\"inLanguage\":\"en-US\"},{\"@type\":\"Organization\",\"@id\":\"https:\/\/bpf2025.flaw.uniba.sk\/#organization\",\"name\":\"BPF\",\"url\":\"https:\/\/bpf2025.flaw.uniba.sk\/\",\"logo\":{\"@type\":\"ImageObject\",\"inLanguage\":\"en-US\",\"@id\":\"https:\/\/bpf2025.flaw.uniba.sk\/#\/schema\/logo\/image\/\",\"url\":\"https:\/\/bpf2025.flaw.uniba.sk\/wp-content\/uploads\/2025\/01\/LOGO-SJ-biela.png\",\"contentUrl\":\"https:\/\/bpf2025.flaw.uniba.sk\/wp-content\/uploads\/2025\/01\/LOGO-SJ-biela.png\",\"width\":3151,\"height\":1062,\"caption\":\"BPF\"},\"image\":{\"@id\":\"https:\/\/bpf2025.flaw.uniba.sk\/#\/schema\/logo\/image\/\"}}]}<\/script>\n<!-- \/ Yoast SEO plugin. -->","yoast_head_json":{"title":"Sekcia pracovn\u00e9ho pr\u00e1va a\u00a0pr\u00e1va soci\u00e1lneho zabezpe\u010denia - BPF","robots":{"index":"index","follow":"follow","max-snippet":"max-snippet:-1","max-image-preview":"max-image-preview:large","max-video-preview":"max-video-preview:-1"},"canonical":"https:\/\/bpf2025.flaw.uniba.sk\/en\/sekcia-pracovneho-prava-a-psz\/","og_locale":"en_US","og_type":"article","og_title":"Sekcia pracovn\u00e9ho pr\u00e1va a\u00a0pr\u00e1va soci\u00e1lneho zabezpe\u010denia - BPF","og_description":"Rovnak\u00e9 zaobch\u00e1dzanie v \u00e9re digitaliz\u00e1cie: V\u00fdzvy a pr\u00edle\u017eitosti pre trh pr\u00e1ce Sekcia je venovan\u00e1 dopadu digitaliz\u00e1cie na pracovn\u00e9 prostredie a spravodliv\u00e9 podmienky zamestn\u00e1vania. Cie\u013eom je otvori\u0165 diskusiu na t\u00e9mu ako nov\u00e9 technol\u00f3gie ovplyv\u0148uj\u00fa rovnos\u0165 pr\u00edle\u017eitost\u00ed a ako m\u00f4\u017eu podpori\u0165 alebo ohrozi\u0165 inkluz\u00edvny pr\u00edstup k pr\u00e1ci. T\u00e9ma sekcie je zameran\u00e1 aj na zabezpe\u010denie spravodliv\u00e9ho zaobch\u00e1dzania v [&hellip;]","og_url":"https:\/\/bpf2025.flaw.uniba.sk\/en\/sekcia-pracovneho-prava-a-psz\/","og_site_name":"BPF","article_modified_time":"2025-07-03T07:32:22+00:00","og_image":[{"url":"https:\/\/bpf.flaw.uniba.sk\/wp-content\/uploads\/2025\/07\/logo_V4-Fund-6-1024x520.png","type":"","width":"","height":""}],"twitter_card":"summary_large_image","twitter_misc":{"Est. reading time":"1 minute"},"schema":{"@context":"https:\/\/schema.org","@graph":[{"@type":"WebPage","@id":"https:\/\/bpf2025.flaw.uniba.sk\/sekcia-pracovneho-prava-a-psz\/","url":"https:\/\/bpf2025.flaw.uniba.sk\/sekcia-pracovneho-prava-a-psz\/","name":"Sekcia pracovn\u00e9ho pr\u00e1va a\u00a0pr\u00e1va soci\u00e1lneho zabezpe\u010denia - BPF","isPartOf":{"@id":"https:\/\/bpf2025.flaw.uniba.sk\/#website"},"primaryImageOfPage":{"@id":"https:\/\/bpf2025.flaw.uniba.sk\/sekcia-pracovneho-prava-a-psz\/#primaryimage"},"image":{"@id":"https:\/\/bpf2025.flaw.uniba.sk\/sekcia-pracovneho-prava-a-psz\/#primaryimage"},"thumbnailUrl":"https:\/\/bpf.flaw.uniba.sk\/wp-content\/uploads\/2025\/07\/logo_V4-Fund-6-1024x520.png","datePublished":"2021-03-17T12:23:44+00:00","dateModified":"2025-07-03T07:32:22+00:00","breadcrumb":{"@id":"https:\/\/bpf2025.flaw.uniba.sk\/sekcia-pracovneho-prava-a-psz\/#breadcrumb"},"inLanguage":"en-US","potentialAction":[{"@type":"ReadAction","target":["https:\/\/bpf2025.flaw.uniba.sk\/sekcia-pracovneho-prava-a-psz\/"]}]},{"@type":"ImageObject","inLanguage":"en-US","@id":"https:\/\/bpf2025.flaw.uniba.sk\/sekcia-pracovneho-prava-a-psz\/#primaryimage","url":"https:\/\/bpf.flaw.uniba.sk\/wp-content\/uploads\/2025\/07\/logo_V4-Fund-6-1024x520.png","contentUrl":"https:\/\/bpf.flaw.uniba.sk\/wp-content\/uploads\/2025\/07\/logo_V4-Fund-6-1024x520.png"},{"@type":"BreadcrumbList","@id":"https:\/\/bpf2025.flaw.uniba.sk\/sekcia-pracovneho-prava-a-psz\/#breadcrumb","itemListElement":[{"@type":"ListItem","position":1,"name":"Home","item":"https:\/\/bpf2025.flaw.uniba.sk\/"},{"@type":"ListItem","position":2,"name":"Sekcia pracovn\u00e9ho pr\u00e1va a\u00a0pr\u00e1va soci\u00e1lneho zabezpe\u010denia"}]},{"@type":"WebSite","@id":"https:\/\/bpf2025.flaw.uniba.sk\/#website","url":"https:\/\/bpf2025.flaw.uniba.sk\/","name":"BLF","description":"","publisher":{"@id":"https:\/\/bpf2025.flaw.uniba.sk\/#organization"},"potentialAction":[{"@type":"SearchAction","target":{"@type":"EntryPoint","urlTemplate":"https:\/\/bpf2025.flaw.uniba.sk\/?s={search_term_string}"},"query-input":{"@type":"PropertyValueSpecification","valueRequired":true,"valueName":"search_term_string"}}],"inLanguage":"en-US"},{"@type":"Organization","@id":"https:\/\/bpf2025.flaw.uniba.sk\/#organization","name":"BLF","url":"https:\/\/bpf2025.flaw.uniba.sk\/","logo":{"@type":"ImageObject","inLanguage":"en-US","@id":"https:\/\/bpf2025.flaw.uniba.sk\/#\/schema\/logo\/image\/","url":"https:\/\/bpf2025.flaw.uniba.sk\/wp-content\/uploads\/2025\/01\/LOGO-SJ-biela.png","contentUrl":"https:\/\/bpf2025.flaw.uniba.sk\/wp-content\/uploads\/2025\/01\/LOGO-SJ-biela.png","width":3151,"height":1062,"caption":"BPF"},"image":{"@id":"https:\/\/bpf2025.flaw.uniba.sk\/#\/schema\/logo\/image\/"}}]}},"_links":{"self":[{"href":"https:\/\/bpf2025.flaw.uniba.sk\/en\/wp-json\/wp\/v2\/pages\/389","targetHints":{"allow":["GET"]}}],"collection":[{"href":"https:\/\/bpf2025.flaw.uniba.sk\/en\/wp-json\/wp\/v2\/pages"}],"about":[{"href":"https:\/\/bpf2025.flaw.uniba.sk\/en\/wp-json\/wp\/v2\/types\/page"}],"author":[{"embeddable":true,"href":"https:\/\/bpf2025.flaw.uniba.sk\/en\/wp-json\/wp\/v2\/users\/2"}],"replies":[{"embeddable":true,"href":"https:\/\/bpf2025.flaw.uniba.sk\/en\/wp-json\/wp\/v2\/comments?post=389"}],"version-history":[{"count":10,"href":"https:\/\/bpf2025.flaw.uniba.sk\/en\/wp-json\/wp\/v2\/pages\/389\/revisions"}],"predecessor-version":[{"id":2311,"href":"https:\/\/bpf2025.flaw.uniba.sk\/en\/wp-json\/wp\/v2\/pages\/389\/revisions\/2311"}],"wp:attachment":[{"href":"https:\/\/bpf2025.flaw.uniba.sk\/en\/wp-json\/wp\/v2\/media?parent=389"}],"curies":[{"name":"wp","href":"https:\/\/api.w.org\/{rel}","templated":true}]}}