{"id":374,"date":"2021-03-17T13:20:19","date_gmt":"2021-03-17T12:20:19","guid":{"rendered":"https:\/\/bpf.flaw.uniba.sk\/?page_id=374"},"modified":"2025-08-01T11:14:20","modified_gmt":"2025-08-01T09:14:20","slug":"sekcia-environmentalneho_klimatickeho_prava","status":"publish","type":"page","link":"https:\/\/bpf2025.flaw.uniba.sk\/en\/sekcia-environmentalneho_klimatickeho_prava\/","title":{"rendered":"Environmental and Climate Law Section"},"content":{"rendered":"<figure class=\"wp-block-image size-large\"><img fetchpriority=\"high\" decoding=\"async\" width=\"1024\" height=\"520\" src=\"https:\/\/bpf.flaw.uniba.sk\/wp-content\/uploads\/2025\/07\/logo_V4-Fund-1-1024x520.png\" alt=\"\" class=\"wp-image-2294\" srcset=\"https:\/\/bpf2025.flaw.uniba.sk\/wp-content\/uploads\/2025\/07\/logo_V4-Fund-1-1024x520.png 1024w, https:\/\/bpf2025.flaw.uniba.sk\/wp-content\/uploads\/2025\/07\/logo_V4-Fund-1-300x152.png 300w, https:\/\/bpf2025.flaw.uniba.sk\/wp-content\/uploads\/2025\/07\/logo_V4-Fund-1-768x390.png 768w, https:\/\/bpf2025.flaw.uniba.sk\/wp-content\/uploads\/2025\/07\/logo_V4-Fund-1-18x9.png 18w, https:\/\/bpf2025.flaw.uniba.sk\/wp-content\/uploads\/2025\/07\/logo_V4-Fund-1-1200x610.png 1200w, https:\/\/bpf2025.flaw.uniba.sk\/wp-content\/uploads\/2025\/07\/logo_V4-Fund-1.png 1240w\" sizes=\"(max-width: 1024px) 100vw, 1024px\" \/><\/figure>\n\n\n\n<h2 class=\"wp-block-heading alignwide has-text-align-center\">Application of Innovative Tools, Not Only Legal, in Environmental Protection<\/h2>\n\n\n\n<p>This section focuses on tools that enable effective protection of the environment and its individual components. We welcome contributions related to the use of modern technologies, such as information systems, big data, Earth remote sensing, and analytical instruments for monitoring, detecting, or assessing the negative impacts of human activities on the environment. We also expect contributions addressing innovative legal tools that ensure more effective enforcement of accountability within this field of law. The section is dedicated to both technical and legal tools that facilitate the enforcement of control and the process of holding accountable in the area of environmental care.<\/p>\n\n\n\n<p><\/p>\n\n\n\n<p><strong>Professional partner of the section:<\/strong><\/p>\n\n\n\n<figure class=\"wp-block-image size-large\"><img decoding=\"async\" width=\"1024\" height=\"496\" src=\"https:\/\/bpf.flaw.uniba.sk\/wp-content\/uploads\/2023\/08\/SIZP-1024x496.png\" alt=\"\" class=\"wp-image-846\" srcset=\"https:\/\/bpf2025.flaw.uniba.sk\/wp-content\/uploads\/2023\/08\/SIZP-1024x496.png 1024w, https:\/\/bpf2025.flaw.uniba.sk\/wp-content\/uploads\/2023\/08\/SIZP-300x145.png 300w, https:\/\/bpf2025.flaw.uniba.sk\/wp-content\/uploads\/2023\/08\/SIZP-768x372.png 768w, https:\/\/bpf2025.flaw.uniba.sk\/wp-content\/uploads\/2023\/08\/SIZP-18x9.png 18w, https:\/\/bpf2025.flaw.uniba.sk\/wp-content\/uploads\/2023\/08\/SIZP-1200x582.png 1200w, https:\/\/bpf2025.flaw.uniba.sk\/wp-content\/uploads\/2023\/08\/SIZP.png 1479w\" sizes=\"(max-width: 1024px) 100vw, 1024px\" \/><\/figure>\n\n\n\n<p>Written contributions that meet the required scientific and language standards will be published in the journal <strong>Prawne Problemy G\u00f3rnictwa i Ochrony \u015arodowiska<\/strong> (English title: <strong>Legal Issues in Mining and Environmental Protection<\/strong>), which is indexed in the Web of Science Core Collection: Emerging Sources Citation Index (ESCI).<\/p>\n\n\n\n<p>Submission guidelines: <a href=\"https:\/\/journals.us.edu.pl\/index.php\/ppgos\/wytyczne1\">https:\/\/journals.us.edu.pl\/index.php\/ppgos\/wytyczne1<\/a><\/p>\n\n\n\n<p><strong><u>The deadline for submitting the final version is 30 September 2025.<\/u><\/strong><\/p>\n\n\n\n<p><strong>Guarantors of the section:<\/strong><\/p>\n\n\n\n<p>prof. JUDr. M\u00e1ria Srebalov\u00e1, PhD.<\/p>\n\n\n\n<p>JUDr. Mat\u00fa\u0161 Michalovi\u010d, PhD.<\/p>\n\n\n\n<p><\/p>\n\n\n\n<p><em>The section is organized within the framework of the project APVV-23-0645 (Optimization of the Sanction Mechanism in the Field of Environmental Protection and Increasing its Effectiveness).<\/em><\/p>","protected":false},"excerpt":{"rendered":"<p>Modern\u00e9 (aj pr\u00e1vne) n\u00e1stroje pri monitorovan\u00ed, zis\u0165ovan\u00ed a vyvodzovan\u00ed zodpovednosti za \u0161kody na \u017eivotnom prostred\u00ed Predmetn\u00e1 sekcia sa zameriava na n\u00e1stroje, ktor\u00e9 umo\u017e\u0148uj\u00fa efekt\u00edvnu ochranu \u017eivotn\u00e9ho prostredia a jeho jednotliv\u00fdch zlo\u017eiek. O\u010dak\u00e1vame pr\u00edspevky t\u00fdkaj\u00face sa vyu\u017e\u00edvania modern\u00fdch technol\u00f3gi\u00ed, ako s\u00fa informa\u010dn\u00e9 syst\u00e9my, big data, dia\u013ekov\u00e9 pozorovanie Zeme (remote sensing) a analytick\u00e9 pr\u00edstroje na monitorovanie, zis\u0165ovanie [&hellip;]<\/p>\n","protected":false},"author":2,"featured_media":0,"parent":0,"menu_order":0,"comment_status":"closed","ping_status":"closed","template":"","meta":{"ngg_post_thumbnail":0,"footnotes":""},"class_list":["post-374","page","type-page","status-publish","hentry"],"yoast_head":"<!-- This site is optimized with the Yoast SEO plugin v27.2 - https:\/\/yoast.com\/product\/yoast-seo-wordpress\/ -->\n<title>Sekcia environment\u00e1lneho a\u00a0klimatick\u00e9ho pr\u00e1va - BPF<\/title>\n<meta name=\"robots\" content=\"index, follow, max-snippet:-1, max-image-preview:large, max-video-preview:-1\" \/>\n<link rel=\"canonical\" href=\"https:\/\/bpf2025.flaw.uniba.sk\/en\/sekcia-environmentalneho_klimatickeho_prava\/\" \/>\n<meta property=\"og:locale\" content=\"en_US\" \/>\n<meta property=\"og:type\" content=\"article\" \/>\n<meta property=\"og:title\" content=\"Sekcia environment\u00e1lneho a\u00a0klimatick\u00e9ho pr\u00e1va - BPF\" \/>\n<meta property=\"og:description\" content=\"Modern\u00e9 (aj pr\u00e1vne) n\u00e1stroje pri monitorovan\u00ed, zis\u0165ovan\u00ed a vyvodzovan\u00ed zodpovednosti za \u0161kody na \u017eivotnom prostred\u00ed Predmetn\u00e1 sekcia sa zameriava na n\u00e1stroje, ktor\u00e9 umo\u017e\u0148uj\u00fa efekt\u00edvnu ochranu \u017eivotn\u00e9ho prostredia a jeho jednotliv\u00fdch zlo\u017eiek. O\u010dak\u00e1vame pr\u00edspevky t\u00fdkaj\u00face sa vyu\u017e\u00edvania modern\u00fdch technol\u00f3gi\u00ed, ako s\u00fa informa\u010dn\u00e9 syst\u00e9my, big data, dia\u013ekov\u00e9 pozorovanie Zeme (remote sensing) a analytick\u00e9 pr\u00edstroje na monitorovanie, zis\u0165ovanie [&hellip;]\" \/>\n<meta property=\"og:url\" content=\"https:\/\/bpf2025.flaw.uniba.sk\/en\/sekcia-environmentalneho_klimatickeho_prava\/\" \/>\n<meta property=\"og:site_name\" content=\"BPF\" \/>\n<meta property=\"article:modified_time\" content=\"2025-08-01T09:14:20+00:00\" \/>\n<meta property=\"og:image\" content=\"https:\/\/bpf.flaw.uniba.sk\/wp-content\/uploads\/2025\/07\/logo_V4-Fund-1-1024x520.png\" \/>\n<meta name=\"twitter:card\" content=\"summary_large_image\" \/>\n<meta name=\"twitter:label1\" content=\"Est. reading time\" \/>\n\t<meta name=\"twitter:data1\" content=\"2 minutes\" \/>\n<script type=\"application\/ld+json\" class=\"yoast-schema-graph\">{\"@context\":\"https:\/\/schema.org\",\"@graph\":[{\"@type\":\"WebPage\",\"@id\":\"https:\/\/bpf2025.flaw.uniba.sk\/sekcia-environmentalneho_klimatickeho_prava\/\",\"url\":\"https:\/\/bpf2025.flaw.uniba.sk\/sekcia-environmentalneho_klimatickeho_prava\/\",\"name\":\"Sekcia environment\u00e1lneho a\u00a0klimatick\u00e9ho pr\u00e1va - BPF\",\"isPartOf\":{\"@id\":\"https:\/\/bpf2025.flaw.uniba.sk\/#website\"},\"primaryImageOfPage\":{\"@id\":\"https:\/\/bpf2025.flaw.uniba.sk\/sekcia-environmentalneho_klimatickeho_prava\/#primaryimage\"},\"image\":{\"@id\":\"https:\/\/bpf2025.flaw.uniba.sk\/sekcia-environmentalneho_klimatickeho_prava\/#primaryimage\"},\"thumbnailUrl\":\"https:\/\/bpf.flaw.uniba.sk\/wp-content\/uploads\/2025\/07\/logo_V4-Fund-1-1024x520.png\",\"datePublished\":\"2021-03-17T12:20:19+00:00\",\"dateModified\":\"2025-08-01T09:14:20+00:00\",\"breadcrumb\":{\"@id\":\"https:\/\/bpf2025.flaw.uniba.sk\/sekcia-environmentalneho_klimatickeho_prava\/#breadcrumb\"},\"inLanguage\":\"en-US\",\"potentialAction\":[{\"@type\":\"ReadAction\",\"target\":[\"https:\/\/bpf2025.flaw.uniba.sk\/sekcia-environmentalneho_klimatickeho_prava\/\"]}]},{\"@type\":\"ImageObject\",\"inLanguage\":\"en-US\",\"@id\":\"https:\/\/bpf2025.flaw.uniba.sk\/sekcia-environmentalneho_klimatickeho_prava\/#primaryimage\",\"url\":\"https:\/\/bpf.flaw.uniba.sk\/wp-content\/uploads\/2025\/07\/logo_V4-Fund-1-1024x520.png\",\"contentUrl\":\"https:\/\/bpf.flaw.uniba.sk\/wp-content\/uploads\/2025\/07\/logo_V4-Fund-1-1024x520.png\"},{\"@type\":\"BreadcrumbList\",\"@id\":\"https:\/\/bpf2025.flaw.uniba.sk\/sekcia-environmentalneho_klimatickeho_prava\/#breadcrumb\",\"itemListElement\":[{\"@type\":\"ListItem\",\"position\":1,\"name\":\"Home\",\"item\":\"https:\/\/bpf2025.flaw.uniba.sk\/\"},{\"@type\":\"ListItem\",\"position\":2,\"name\":\"Sekcia environment\u00e1lneho a\u00a0klimatick\u00e9ho pr\u00e1va\"}]},{\"@type\":\"WebSite\",\"@id\":\"https:\/\/bpf2025.flaw.uniba.sk\/#website\",\"url\":\"https:\/\/bpf2025.flaw.uniba.sk\/\",\"name\":\"BPF\",\"description\":\"\",\"publisher\":{\"@id\":\"https:\/\/bpf2025.flaw.uniba.sk\/#organization\"},\"potentialAction\":[{\"@type\":\"SearchAction\",\"target\":{\"@type\":\"EntryPoint\",\"urlTemplate\":\"https:\/\/bpf2025.flaw.uniba.sk\/?s={search_term_string}\"},\"query-input\":{\"@type\":\"PropertyValueSpecification\",\"valueRequired\":true,\"valueName\":\"search_term_string\"}}],\"inLanguage\":\"en-US\"},{\"@type\":\"Organization\",\"@id\":\"https:\/\/bpf2025.flaw.uniba.sk\/#organization\",\"name\":\"BPF\",\"url\":\"https:\/\/bpf2025.flaw.uniba.sk\/\",\"logo\":{\"@type\":\"ImageObject\",\"inLanguage\":\"en-US\",\"@id\":\"https:\/\/bpf2025.flaw.uniba.sk\/#\/schema\/logo\/image\/\",\"url\":\"https:\/\/bpf2025.flaw.uniba.sk\/wp-content\/uploads\/2025\/01\/LOGO-SJ-biela.png\",\"contentUrl\":\"https:\/\/bpf2025.flaw.uniba.sk\/wp-content\/uploads\/2025\/01\/LOGO-SJ-biela.png\",\"width\":3151,\"height\":1062,\"caption\":\"BPF\"},\"image\":{\"@id\":\"https:\/\/bpf2025.flaw.uniba.sk\/#\/schema\/logo\/image\/\"}}]}<\/script>\n<!-- \/ Yoast SEO plugin. -->","yoast_head_json":{"title":"Sekcia environment\u00e1lneho a\u00a0klimatick\u00e9ho pr\u00e1va - BPF","robots":{"index":"index","follow":"follow","max-snippet":"max-snippet:-1","max-image-preview":"max-image-preview:large","max-video-preview":"max-video-preview:-1"},"canonical":"https:\/\/bpf2025.flaw.uniba.sk\/en\/sekcia-environmentalneho_klimatickeho_prava\/","og_locale":"en_US","og_type":"article","og_title":"Sekcia environment\u00e1lneho a\u00a0klimatick\u00e9ho pr\u00e1va - BPF","og_description":"Modern\u00e9 (aj pr\u00e1vne) n\u00e1stroje pri monitorovan\u00ed, zis\u0165ovan\u00ed a vyvodzovan\u00ed zodpovednosti za \u0161kody na \u017eivotnom prostred\u00ed Predmetn\u00e1 sekcia sa zameriava na n\u00e1stroje, ktor\u00e9 umo\u017e\u0148uj\u00fa efekt\u00edvnu ochranu \u017eivotn\u00e9ho prostredia a jeho jednotliv\u00fdch zlo\u017eiek. O\u010dak\u00e1vame pr\u00edspevky t\u00fdkaj\u00face sa vyu\u017e\u00edvania modern\u00fdch technol\u00f3gi\u00ed, ako s\u00fa informa\u010dn\u00e9 syst\u00e9my, big data, dia\u013ekov\u00e9 pozorovanie Zeme (remote sensing) a analytick\u00e9 pr\u00edstroje na monitorovanie, zis\u0165ovanie [&hellip;]","og_url":"https:\/\/bpf2025.flaw.uniba.sk\/en\/sekcia-environmentalneho_klimatickeho_prava\/","og_site_name":"BPF","article_modified_time":"2025-08-01T09:14:20+00:00","og_image":[{"url":"https:\/\/bpf.flaw.uniba.sk\/wp-content\/uploads\/2025\/07\/logo_V4-Fund-1-1024x520.png","type":"","width":"","height":""}],"twitter_card":"summary_large_image","twitter_misc":{"Est. reading time":"2 minutes"},"schema":{"@context":"https:\/\/schema.org","@graph":[{"@type":"WebPage","@id":"https:\/\/bpf2025.flaw.uniba.sk\/sekcia-environmentalneho_klimatickeho_prava\/","url":"https:\/\/bpf2025.flaw.uniba.sk\/sekcia-environmentalneho_klimatickeho_prava\/","name":"Sekcia environment\u00e1lneho a\u00a0klimatick\u00e9ho pr\u00e1va - BPF","isPartOf":{"@id":"https:\/\/bpf2025.flaw.uniba.sk\/#website"},"primaryImageOfPage":{"@id":"https:\/\/bpf2025.flaw.uniba.sk\/sekcia-environmentalneho_klimatickeho_prava\/#primaryimage"},"image":{"@id":"https:\/\/bpf2025.flaw.uniba.sk\/sekcia-environmentalneho_klimatickeho_prava\/#primaryimage"},"thumbnailUrl":"https:\/\/bpf.flaw.uniba.sk\/wp-content\/uploads\/2025\/07\/logo_V4-Fund-1-1024x520.png","datePublished":"2021-03-17T12:20:19+00:00","dateModified":"2025-08-01T09:14:20+00:00","breadcrumb":{"@id":"https:\/\/bpf2025.flaw.uniba.sk\/sekcia-environmentalneho_klimatickeho_prava\/#breadcrumb"},"inLanguage":"en-US","potentialAction":[{"@type":"ReadAction","target":["https:\/\/bpf2025.flaw.uniba.sk\/sekcia-environmentalneho_klimatickeho_prava\/"]}]},{"@type":"ImageObject","inLanguage":"en-US","@id":"https:\/\/bpf2025.flaw.uniba.sk\/sekcia-environmentalneho_klimatickeho_prava\/#primaryimage","url":"https:\/\/bpf.flaw.uniba.sk\/wp-content\/uploads\/2025\/07\/logo_V4-Fund-1-1024x520.png","contentUrl":"https:\/\/bpf.flaw.uniba.sk\/wp-content\/uploads\/2025\/07\/logo_V4-Fund-1-1024x520.png"},{"@type":"BreadcrumbList","@id":"https:\/\/bpf2025.flaw.uniba.sk\/sekcia-environmentalneho_klimatickeho_prava\/#breadcrumb","itemListElement":[{"@type":"ListItem","position":1,"name":"Home","item":"https:\/\/bpf2025.flaw.uniba.sk\/"},{"@type":"ListItem","position":2,"name":"Sekcia environment\u00e1lneho a\u00a0klimatick\u00e9ho pr\u00e1va"}]},{"@type":"WebSite","@id":"https:\/\/bpf2025.flaw.uniba.sk\/#website","url":"https:\/\/bpf2025.flaw.uniba.sk\/","name":"BLF","description":"","publisher":{"@id":"https:\/\/bpf2025.flaw.uniba.sk\/#organization"},"potentialAction":[{"@type":"SearchAction","target":{"@type":"EntryPoint","urlTemplate":"https:\/\/bpf2025.flaw.uniba.sk\/?s={search_term_string}"},"query-input":{"@type":"PropertyValueSpecification","valueRequired":true,"valueName":"search_term_string"}}],"inLanguage":"en-US"},{"@type":"Organization","@id":"https:\/\/bpf2025.flaw.uniba.sk\/#organization","name":"BLF","url":"https:\/\/bpf2025.flaw.uniba.sk\/","logo":{"@type":"ImageObject","inLanguage":"en-US","@id":"https:\/\/bpf2025.flaw.uniba.sk\/#\/schema\/logo\/image\/","url":"https:\/\/bpf2025.flaw.uniba.sk\/wp-content\/uploads\/2025\/01\/LOGO-SJ-biela.png","contentUrl":"https:\/\/bpf2025.flaw.uniba.sk\/wp-content\/uploads\/2025\/01\/LOGO-SJ-biela.png","width":3151,"height":1062,"caption":"BPF"},"image":{"@id":"https:\/\/bpf2025.flaw.uniba.sk\/#\/schema\/logo\/image\/"}}]}},"_links":{"self":[{"href":"https:\/\/bpf2025.flaw.uniba.sk\/en\/wp-json\/wp\/v2\/pages\/374","targetHints":{"allow":["GET"]}}],"collection":[{"href":"https:\/\/bpf2025.flaw.uniba.sk\/en\/wp-json\/wp\/v2\/pages"}],"about":[{"href":"https:\/\/bpf2025.flaw.uniba.sk\/en\/wp-json\/wp\/v2\/types\/page"}],"author":[{"embeddable":true,"href":"https:\/\/bpf2025.flaw.uniba.sk\/en\/wp-json\/wp\/v2\/users\/2"}],"replies":[{"embeddable":true,"href":"https:\/\/bpf2025.flaw.uniba.sk\/en\/wp-json\/wp\/v2\/comments?post=374"}],"version-history":[{"count":8,"href":"https:\/\/bpf2025.flaw.uniba.sk\/en\/wp-json\/wp\/v2\/pages\/374\/revisions"}],"predecessor-version":[{"id":2389,"href":"https:\/\/bpf2025.flaw.uniba.sk\/en\/wp-json\/wp\/v2\/pages\/374\/revisions\/2389"}],"wp:attachment":[{"href":"https:\/\/bpf2025.flaw.uniba.sk\/en\/wp-json\/wp\/v2\/media?parent=374"}],"curies":[{"name":"wp","href":"https:\/\/api.w.org\/{rel}","templated":true}]}}