{"id":335,"date":"2021-03-17T13:09:48","date_gmt":"2021-03-17T12:09:48","guid":{"rendered":"https:\/\/bpf.flaw.uniba.sk\/?page_id=335"},"modified":"2025-07-03T09:18:43","modified_gmt":"2025-07-03T07:18:43","slug":"seckia-rimskeho-kanonickeho-a-cirkevneho-prava","status":"publish","type":"page","link":"https:\/\/bpf2025.flaw.uniba.sk\/en\/seckia-rimskeho-kanonickeho-a-cirkevneho-prava\/","title":{"rendered":"Roman Law, Canon Law and Ecclesiastical Law and Legal History and Comparative Law Section"},"content":{"rendered":"<figure class=\"wp-block-image size-large\"><img fetchpriority=\"high\" decoding=\"async\" width=\"1024\" height=\"520\" src=\"https:\/\/bpf.flaw.uniba.sk\/wp-content\/uploads\/2025\/07\/logo_V4-Fund-2-1024x520.png\" alt=\"\" class=\"wp-image-2296\" srcset=\"https:\/\/bpf2025.flaw.uniba.sk\/wp-content\/uploads\/2025\/07\/logo_V4-Fund-2-1024x520.png 1024w, https:\/\/bpf2025.flaw.uniba.sk\/wp-content\/uploads\/2025\/07\/logo_V4-Fund-2-300x152.png 300w, https:\/\/bpf2025.flaw.uniba.sk\/wp-content\/uploads\/2025\/07\/logo_V4-Fund-2-768x390.png 768w, https:\/\/bpf2025.flaw.uniba.sk\/wp-content\/uploads\/2025\/07\/logo_V4-Fund-2-18x9.png 18w, https:\/\/bpf2025.flaw.uniba.sk\/wp-content\/uploads\/2025\/07\/logo_V4-Fund-2-1200x610.png 1200w, https:\/\/bpf2025.flaw.uniba.sk\/wp-content\/uploads\/2025\/07\/logo_V4-Fund-2.png 1240w\" sizes=\"(max-width: 1024px) 100vw, 1024px\" \/><\/figure>\n\n\n\n<h2 class=\"wp-block-heading alignwide has-text-align-center\">Changes in the Sources of Law<\/h2>\n\n\n\n<p>In historical development, the antiquity of law was originally given greater value. Legal acts and knowledge of customs were confirmed by \"old men\", people knowledgeable about the distant past, people respected for their age and perspective. In this legal thinking, customs were very often considered a more important source of law than its competition, especially in the form of statutory law. The modern era, at least since the days of Enlightenment absolutism, has brought a new paradigm in which change and reform were understood as positive and law became a transformative tool. This also had to lead to a reassessment of the relationships between the individual sources of law and the retreat of legal customs as a dominant source.<\/p>\n\n\n\n<p><strong>Guarantors of the section:<\/strong><\/p>\n\n\n\n<p>prof. JUDr. Mat\u00fa\u0161 Nemec, PhD.<\/p>\n\n\n\n<p>prof. doc. JUDr. Mgr. Vojtech Vlad\u00e1r, PhD.<\/p>\n\n\n\n<p>prof. Mgr. Miroslav Lys\u00fd, PhD.<\/p>","protected":false},"excerpt":{"rendered":"<p>Premeny prame\u0148ov pr\u00e1va V historickom v\u00fdvoji sa p\u00f4vodne vy\u0161\u0161ia hodnota d\u00e1vala starobylosti pr\u00e1va. Pr\u00e1vne \u00fakony a znalosti oby\u010daj\u00ed potvrdzov\u00e1vali &#8222;star\u00ed mu\u017ei&#8220;, osoby znal\u00e9 vzdialenej minulosti, osoby v\u00e1\u017een\u00e9 pre svoj vek a rozh\u013ead. V tomto pr\u00e1vnom myslen\u00ed sa ve\u013emi \u010dasto pokladali oby\u010daje za d\u00f4le\u017eitej\u0161\u00ed prame\u0148 pr\u00e1va ako jeho konkurencia, predov\u0161etk\u00fdm v podobe z\u00e1konn\u00e9ho pr\u00e1va. Modern\u00e1 doba [&hellip;]<\/p>\n","protected":false},"author":2,"featured_media":0,"parent":0,"menu_order":0,"comment_status":"closed","ping_status":"closed","template":"","meta":{"ngg_post_thumbnail":0,"footnotes":""},"class_list":["post-335","page","type-page","status-publish","hentry"],"yoast_head":"<!-- This site is optimized with the Yoast SEO plugin v27.2 - https:\/\/yoast.com\/product\/yoast-seo-wordpress\/ -->\n<title>Sekcia r\u00edmskeho pr\u00e1va, k\u00e1nonick\u00e9ho, cirkevn\u00e9ho pr\u00e1va a pr\u00e1vnych dej\u00edn a pr\u00e1vnej komparatistiky - BPF<\/title>\n<meta name=\"robots\" content=\"index, follow, max-snippet:-1, max-image-preview:large, max-video-preview:-1\" \/>\n<link rel=\"canonical\" href=\"https:\/\/bpf2025.flaw.uniba.sk\/en\/seckia-rimskeho-kanonickeho-a-cirkevneho-prava\/\" \/>\n<meta property=\"og:locale\" content=\"en_US\" \/>\n<meta property=\"og:type\" content=\"article\" \/>\n<meta property=\"og:title\" content=\"Sekcia r\u00edmskeho pr\u00e1va, k\u00e1nonick\u00e9ho, cirkevn\u00e9ho pr\u00e1va a pr\u00e1vnych dej\u00edn a pr\u00e1vnej komparatistiky - BPF\" \/>\n<meta property=\"og:description\" content=\"Premeny prame\u0148ov pr\u00e1va V historickom v\u00fdvoji sa p\u00f4vodne vy\u0161\u0161ia hodnota d\u00e1vala starobylosti pr\u00e1va. Pr\u00e1vne \u00fakony a znalosti oby\u010daj\u00ed potvrdzov\u00e1vali &#8222;star\u00ed mu\u017ei&#8220;, osoby znal\u00e9 vzdialenej minulosti, osoby v\u00e1\u017een\u00e9 pre svoj vek a rozh\u013ead. V tomto pr\u00e1vnom myslen\u00ed sa ve\u013emi \u010dasto pokladali oby\u010daje za d\u00f4le\u017eitej\u0161\u00ed prame\u0148 pr\u00e1va ako jeho konkurencia, predov\u0161etk\u00fdm v podobe z\u00e1konn\u00e9ho pr\u00e1va. Modern\u00e1 doba [&hellip;]\" \/>\n<meta property=\"og:url\" content=\"https:\/\/bpf2025.flaw.uniba.sk\/en\/seckia-rimskeho-kanonickeho-a-cirkevneho-prava\/\" \/>\n<meta property=\"og:site_name\" content=\"BPF\" \/>\n<meta property=\"article:modified_time\" content=\"2025-07-03T07:18:43+00:00\" \/>\n<meta property=\"og:image\" content=\"https:\/\/bpf.flaw.uniba.sk\/wp-content\/uploads\/2025\/07\/logo_V4-Fund-2-1024x520.png\" \/>\n<meta name=\"twitter:card\" content=\"summary_large_image\" \/>\n<meta name=\"twitter:label1\" content=\"Est. reading time\" \/>\n\t<meta name=\"twitter:data1\" content=\"1 minute\" \/>\n<script type=\"application\/ld+json\" class=\"yoast-schema-graph\">{\"@context\":\"https:\/\/schema.org\",\"@graph\":[{\"@type\":\"WebPage\",\"@id\":\"https:\/\/bpf2025.flaw.uniba.sk\/seckia-rimskeho-kanonickeho-a-cirkevneho-prava\/\",\"url\":\"https:\/\/bpf2025.flaw.uniba.sk\/seckia-rimskeho-kanonickeho-a-cirkevneho-prava\/\",\"name\":\"Sekcia r\u00edmskeho pr\u00e1va, k\u00e1nonick\u00e9ho, cirkevn\u00e9ho pr\u00e1va a pr\u00e1vnych dej\u00edn a pr\u00e1vnej komparatistiky - BPF\",\"isPartOf\":{\"@id\":\"https:\/\/bpf2025.flaw.uniba.sk\/#website\"},\"primaryImageOfPage\":{\"@id\":\"https:\/\/bpf2025.flaw.uniba.sk\/seckia-rimskeho-kanonickeho-a-cirkevneho-prava\/#primaryimage\"},\"image\":{\"@id\":\"https:\/\/bpf2025.flaw.uniba.sk\/seckia-rimskeho-kanonickeho-a-cirkevneho-prava\/#primaryimage\"},\"thumbnailUrl\":\"https:\/\/bpf.flaw.uniba.sk\/wp-content\/uploads\/2025\/07\/logo_V4-Fund-2-1024x520.png\",\"datePublished\":\"2021-03-17T12:09:48+00:00\",\"dateModified\":\"2025-07-03T07:18:43+00:00\",\"breadcrumb\":{\"@id\":\"https:\/\/bpf2025.flaw.uniba.sk\/seckia-rimskeho-kanonickeho-a-cirkevneho-prava\/#breadcrumb\"},\"inLanguage\":\"en-US\",\"potentialAction\":[{\"@type\":\"ReadAction\",\"target\":[\"https:\/\/bpf2025.flaw.uniba.sk\/seckia-rimskeho-kanonickeho-a-cirkevneho-prava\/\"]}]},{\"@type\":\"ImageObject\",\"inLanguage\":\"en-US\",\"@id\":\"https:\/\/bpf2025.flaw.uniba.sk\/seckia-rimskeho-kanonickeho-a-cirkevneho-prava\/#primaryimage\",\"url\":\"https:\/\/bpf.flaw.uniba.sk\/wp-content\/uploads\/2025\/07\/logo_V4-Fund-2-1024x520.png\",\"contentUrl\":\"https:\/\/bpf.flaw.uniba.sk\/wp-content\/uploads\/2025\/07\/logo_V4-Fund-2-1024x520.png\"},{\"@type\":\"BreadcrumbList\",\"@id\":\"https:\/\/bpf2025.flaw.uniba.sk\/seckia-rimskeho-kanonickeho-a-cirkevneho-prava\/#breadcrumb\",\"itemListElement\":[{\"@type\":\"ListItem\",\"position\":1,\"name\":\"Home\",\"item\":\"https:\/\/bpf2025.flaw.uniba.sk\/\"},{\"@type\":\"ListItem\",\"position\":2,\"name\":\"Sekcia r\u00edmskeho pr\u00e1va, k\u00e1nonick\u00e9ho, cirkevn\u00e9ho pr\u00e1va a pr\u00e1vnych dej\u00edn a pr\u00e1vnej komparatistiky\"}]},{\"@type\":\"WebSite\",\"@id\":\"https:\/\/bpf2025.flaw.uniba.sk\/#website\",\"url\":\"https:\/\/bpf2025.flaw.uniba.sk\/\",\"name\":\"BPF\",\"description\":\"\",\"publisher\":{\"@id\":\"https:\/\/bpf2025.flaw.uniba.sk\/#organization\"},\"potentialAction\":[{\"@type\":\"SearchAction\",\"target\":{\"@type\":\"EntryPoint\",\"urlTemplate\":\"https:\/\/bpf2025.flaw.uniba.sk\/?s={search_term_string}\"},\"query-input\":{\"@type\":\"PropertyValueSpecification\",\"valueRequired\":true,\"valueName\":\"search_term_string\"}}],\"inLanguage\":\"en-US\"},{\"@type\":\"Organization\",\"@id\":\"https:\/\/bpf2025.flaw.uniba.sk\/#organization\",\"name\":\"BPF\",\"url\":\"https:\/\/bpf2025.flaw.uniba.sk\/\",\"logo\":{\"@type\":\"ImageObject\",\"inLanguage\":\"en-US\",\"@id\":\"https:\/\/bpf2025.flaw.uniba.sk\/#\/schema\/logo\/image\/\",\"url\":\"https:\/\/bpf2025.flaw.uniba.sk\/wp-content\/uploads\/2025\/01\/LOGO-SJ-biela.png\",\"contentUrl\":\"https:\/\/bpf2025.flaw.uniba.sk\/wp-content\/uploads\/2025\/01\/LOGO-SJ-biela.png\",\"width\":3151,\"height\":1062,\"caption\":\"BPF\"},\"image\":{\"@id\":\"https:\/\/bpf2025.flaw.uniba.sk\/#\/schema\/logo\/image\/\"}}]}<\/script>\n<!-- \/ Yoast SEO plugin. -->","yoast_head_json":{"title":"Sekcia r\u00edmskeho pr\u00e1va, k\u00e1nonick\u00e9ho, cirkevn\u00e9ho pr\u00e1va a pr\u00e1vnych dej\u00edn a pr\u00e1vnej komparatistiky - BPF","robots":{"index":"index","follow":"follow","max-snippet":"max-snippet:-1","max-image-preview":"max-image-preview:large","max-video-preview":"max-video-preview:-1"},"canonical":"https:\/\/bpf2025.flaw.uniba.sk\/en\/seckia-rimskeho-kanonickeho-a-cirkevneho-prava\/","og_locale":"en_US","og_type":"article","og_title":"Sekcia r\u00edmskeho pr\u00e1va, k\u00e1nonick\u00e9ho, cirkevn\u00e9ho pr\u00e1va a pr\u00e1vnych dej\u00edn a pr\u00e1vnej komparatistiky - BPF","og_description":"Premeny prame\u0148ov pr\u00e1va V historickom v\u00fdvoji sa p\u00f4vodne vy\u0161\u0161ia hodnota d\u00e1vala starobylosti pr\u00e1va. Pr\u00e1vne \u00fakony a znalosti oby\u010daj\u00ed potvrdzov\u00e1vali &#8222;star\u00ed mu\u017ei&#8220;, osoby znal\u00e9 vzdialenej minulosti, osoby v\u00e1\u017een\u00e9 pre svoj vek a rozh\u013ead. V tomto pr\u00e1vnom myslen\u00ed sa ve\u013emi \u010dasto pokladali oby\u010daje za d\u00f4le\u017eitej\u0161\u00ed prame\u0148 pr\u00e1va ako jeho konkurencia, predov\u0161etk\u00fdm v podobe z\u00e1konn\u00e9ho pr\u00e1va. Modern\u00e1 doba [&hellip;]","og_url":"https:\/\/bpf2025.flaw.uniba.sk\/en\/seckia-rimskeho-kanonickeho-a-cirkevneho-prava\/","og_site_name":"BPF","article_modified_time":"2025-07-03T07:18:43+00:00","og_image":[{"url":"https:\/\/bpf.flaw.uniba.sk\/wp-content\/uploads\/2025\/07\/logo_V4-Fund-2-1024x520.png","type":"","width":"","height":""}],"twitter_card":"summary_large_image","twitter_misc":{"Est. reading time":"1 minute"},"schema":{"@context":"https:\/\/schema.org","@graph":[{"@type":"WebPage","@id":"https:\/\/bpf2025.flaw.uniba.sk\/seckia-rimskeho-kanonickeho-a-cirkevneho-prava\/","url":"https:\/\/bpf2025.flaw.uniba.sk\/seckia-rimskeho-kanonickeho-a-cirkevneho-prava\/","name":"Sekcia r\u00edmskeho pr\u00e1va, k\u00e1nonick\u00e9ho, cirkevn\u00e9ho pr\u00e1va a pr\u00e1vnych dej\u00edn a pr\u00e1vnej komparatistiky - BPF","isPartOf":{"@id":"https:\/\/bpf2025.flaw.uniba.sk\/#website"},"primaryImageOfPage":{"@id":"https:\/\/bpf2025.flaw.uniba.sk\/seckia-rimskeho-kanonickeho-a-cirkevneho-prava\/#primaryimage"},"image":{"@id":"https:\/\/bpf2025.flaw.uniba.sk\/seckia-rimskeho-kanonickeho-a-cirkevneho-prava\/#primaryimage"},"thumbnailUrl":"https:\/\/bpf.flaw.uniba.sk\/wp-content\/uploads\/2025\/07\/logo_V4-Fund-2-1024x520.png","datePublished":"2021-03-17T12:09:48+00:00","dateModified":"2025-07-03T07:18:43+00:00","breadcrumb":{"@id":"https:\/\/bpf2025.flaw.uniba.sk\/seckia-rimskeho-kanonickeho-a-cirkevneho-prava\/#breadcrumb"},"inLanguage":"en-US","potentialAction":[{"@type":"ReadAction","target":["https:\/\/bpf2025.flaw.uniba.sk\/seckia-rimskeho-kanonickeho-a-cirkevneho-prava\/"]}]},{"@type":"ImageObject","inLanguage":"en-US","@id":"https:\/\/bpf2025.flaw.uniba.sk\/seckia-rimskeho-kanonickeho-a-cirkevneho-prava\/#primaryimage","url":"https:\/\/bpf.flaw.uniba.sk\/wp-content\/uploads\/2025\/07\/logo_V4-Fund-2-1024x520.png","contentUrl":"https:\/\/bpf.flaw.uniba.sk\/wp-content\/uploads\/2025\/07\/logo_V4-Fund-2-1024x520.png"},{"@type":"BreadcrumbList","@id":"https:\/\/bpf2025.flaw.uniba.sk\/seckia-rimskeho-kanonickeho-a-cirkevneho-prava\/#breadcrumb","itemListElement":[{"@type":"ListItem","position":1,"name":"Home","item":"https:\/\/bpf2025.flaw.uniba.sk\/"},{"@type":"ListItem","position":2,"name":"Sekcia r\u00edmskeho pr\u00e1va, k\u00e1nonick\u00e9ho, cirkevn\u00e9ho pr\u00e1va a pr\u00e1vnych dej\u00edn a pr\u00e1vnej komparatistiky"}]},{"@type":"WebSite","@id":"https:\/\/bpf2025.flaw.uniba.sk\/#website","url":"https:\/\/bpf2025.flaw.uniba.sk\/","name":"BLF","description":"","publisher":{"@id":"https:\/\/bpf2025.flaw.uniba.sk\/#organization"},"potentialAction":[{"@type":"SearchAction","target":{"@type":"EntryPoint","urlTemplate":"https:\/\/bpf2025.flaw.uniba.sk\/?s={search_term_string}"},"query-input":{"@type":"PropertyValueSpecification","valueRequired":true,"valueName":"search_term_string"}}],"inLanguage":"en-US"},{"@type":"Organization","@id":"https:\/\/bpf2025.flaw.uniba.sk\/#organization","name":"BLF","url":"https:\/\/bpf2025.flaw.uniba.sk\/","logo":{"@type":"ImageObject","inLanguage":"en-US","@id":"https:\/\/bpf2025.flaw.uniba.sk\/#\/schema\/logo\/image\/","url":"https:\/\/bpf2025.flaw.uniba.sk\/wp-content\/uploads\/2025\/01\/LOGO-SJ-biela.png","contentUrl":"https:\/\/bpf2025.flaw.uniba.sk\/wp-content\/uploads\/2025\/01\/LOGO-SJ-biela.png","width":3151,"height":1062,"caption":"BPF"},"image":{"@id":"https:\/\/bpf2025.flaw.uniba.sk\/#\/schema\/logo\/image\/"}}]}},"_links":{"self":[{"href":"https:\/\/bpf2025.flaw.uniba.sk\/en\/wp-json\/wp\/v2\/pages\/335","targetHints":{"allow":["GET"]}}],"collection":[{"href":"https:\/\/bpf2025.flaw.uniba.sk\/en\/wp-json\/wp\/v2\/pages"}],"about":[{"href":"https:\/\/bpf2025.flaw.uniba.sk\/en\/wp-json\/wp\/v2\/types\/page"}],"author":[{"embeddable":true,"href":"https:\/\/bpf2025.flaw.uniba.sk\/en\/wp-json\/wp\/v2\/users\/2"}],"replies":[{"embeddable":true,"href":"https:\/\/bpf2025.flaw.uniba.sk\/en\/wp-json\/wp\/v2\/comments?post=335"}],"version-history":[{"count":11,"href":"https:\/\/bpf2025.flaw.uniba.sk\/en\/wp-json\/wp\/v2\/pages\/335\/revisions"}],"predecessor-version":[{"id":2297,"href":"https:\/\/bpf2025.flaw.uniba.sk\/en\/wp-json\/wp\/v2\/pages\/335\/revisions\/2297"}],"wp:attachment":[{"href":"https:\/\/bpf2025.flaw.uniba.sk\/en\/wp-json\/wp\/v2\/media?parent=335"}],"curies":[{"name":"wp","href":"https:\/\/api.w.org\/{rel}","templated":true}]}}